{"id":246,"date":"2014-10-22T23:25:39","date_gmt":"2014-10-22T22:25:39","guid":{"rendered":"http:\/\/uaportail.fr\/photodemaidan\/?page_id=246"},"modified":"2015-04-08T05:26:27","modified_gmt":"2015-04-08T04:26:27","slug":"conference","status":"publish","type":"page","link":"https:\/\/uaportail.fr\/photodemaidan\/conference\/","title":{"rendered":"Conference"},"content":{"rendered":"<h2>Le 24 novembre \u00ab Discuter \u00bb<\/h2>\n<p><a href=\"http:\/\/uaportail.fr\/photodemaidan\/wp-content\/uploads\/sites\/3\/2014\/10\/conf_Ukraine_2.jpg\"><img loading=\"lazy\" class=\"alignleft wp-image-229 size-medium\" src=\"http:\/\/uaportail.fr\/photodemaidan\/wp-content\/uploads\/sites\/3\/2014\/10\/conf_Ukraine_2-300x199.jpg\" alt=\"Ma\u00efdan : une place devenue symbole\" width=\"300\" height=\"199\" srcset=\"https:\/\/uaportail.fr\/photodemaidan\/wp-content\/uploads\/sites\/3\/2014\/10\/conf_Ukraine_2-300x199.jpg 300w, https:\/\/uaportail.fr\/photodemaidan\/wp-content\/uploads\/sites\/3\/2014\/10\/conf_Ukraine_2.jpg 960w\" sizes=\"(max-width: 300px) 100vw, 300px\" \/><\/a>Conf\u00e9rence d\u00e9bat \u201c<strong>Ukraine entre r\u00e9volution et \u00e9volution<\/strong>\u201d<br \/>\ndans le cadre de la Semaine Internationale organis\u00e9e par les \u00e9tablissements de l\u2019Universit\u00e9 de Lille.<br \/>\nLa conf\u00e9rence sera pr\u00e9c\u00e9d\u00e9e d\u2019une projection vid\u00e9o de courts-m\u00e9trages r\u00e9alis\u00e9s par le studio ukrainien Babylon 13.<\/p>\n<p>Lieu: Amphith\u00e9\u00e2tre de l\u2019<strong>Espace Culture<\/strong>,<br \/>\nUniversit\u00e9 de Lille \u2013 Sciences et Technologies de 16h30 \u00e0 21h00.<\/p>\n<p><strong>16h30-18h<\/strong> : Projection de courts-m\u00e9trages (Babylon 13)<br \/>\n<strong>18h<\/strong> : D\u00e9but de la conf\u00e9rence<\/p>\n<p>Intervenants de la conf\u00e9rence:<\/p>\n<div class=\"su-row\"><div class=\"su-column su-column-size-1-2\"><div class=\"su-column-inner su-u-clearfix su-u-trim\"><a href=\"http:\/\/uaportail.fr\/expoua\/wp-content\/uploads\/sites\/6\/2014\/10\/Philippe-de-Suremain.jpg\"><img loading=\"lazy\" class=\"alignleft wp-image-74 size-thumbnail\" src=\"http:\/\/uaportail.fr\/expoua\/wp-content\/uploads\/sites\/6\/2014\/10\/Philippe-de-Suremain-150x150.jpg\" alt=\"Philippe-de-Suremain\" width=\"150\" height=\"150\" \/><\/a><strong>Philippe de Suremain<\/strong>. Ancien Ambassadeur de France en Ukraine de 2002 \u00e0 2005, il a \u00e9t\u00e9 au coeur de la \u00abR\u00e9volution orange\u00bb de 2004. Philippe de Suremain, est membre de la Fondation Robert Schuman, et toujours un observateur attentif de la nouvelle r\u00e9volution qui secoue l\u2019Ukraine.<\/div><\/div>\n<div class=\"su-column su-column-size-1-2\"><div class=\"su-column-inner su-u-clearfix su-u-trim\"><a href=\"http:\/\/uaportail.fr\/expoua\/wp-content\/uploads\/sites\/6\/2014\/10\/244183f6af2cfaba0b298a840d877ace5ed54d.jpg\"><img loading=\"lazy\" class=\"alignleft wp-image-75 size-thumbnail\" src=\"http:\/\/uaportail.fr\/expoua\/wp-content\/uploads\/sites\/6\/2014\/10\/244183f6af2cfaba0b298a840d877ace5ed54d-150x150.jpg\" alt=\"Sabine Dullin\" width=\"150\" height=\"150\" \/><\/a><strong>Sabine Dullin.<\/strong> Professeur d\u2019Histoire contemporaine \u00e0 l\u2019Universit\u00e9 de Lille \u2013 Sciences Humaines et Sociales, auteur de plusieurs ouvrages sur l\u2019histoire de l\u2019URSS.<\/div><\/div><\/div><div class=\"su-spacer\" style=\"height:0px\"><\/div>\n<div class=\"su-row\"><div class=\"su-column su-column-size-1-2\"><div class=\"su-column-inner su-u-clearfix su-u-trim\"><a href=\"http:\/\/uaportail.fr\/expoua\/wp-content\/uploads\/sites\/6\/2014\/10\/Pavel-Yourov.jpg\"><img loading=\"lazy\" class=\"alignleft wp-image-76 size-thumbnail\" src=\"http:\/\/uaportail.fr\/expoua\/wp-content\/uploads\/sites\/6\/2014\/10\/Pavel-Yourov-150x150.jpg\" alt=\"Pavel Yourov\" width=\"150\" height=\"150\" \/><\/a><strong>Pavel Yourov<\/strong>. Metteur en sc\u00e8ne de th\u00e9\u00e2tre \u00e0 Kiev, laur\u00e9at de la prime \u00abPectoral de Kiev\u00bb &#8211; de la meilleure mise en sc\u00e8ne en 2011.Cette ann\u00e9e il a \u00e9t\u00e9 retenu comme otage durant 70 jours par les s\u00e9paratistes \u00e0 l\u2019Est de l\u2019Ukraine.<\/div><\/div>\n<div class=\"su-column su-column-size-1-2\"><div class=\"su-column-inner su-u-clearfix su-u-trim\"><a href=\"http:\/\/uaportail.fr\/expoua\/wp-content\/uploads\/sites\/6\/2014\/10\/Francois-Olivier-Seys.jpg\"><img loading=\"lazy\" class=\"alignleft wp-image-77 size-thumbnail\" src=\"http:\/\/uaportail.fr\/expoua\/wp-content\/uploads\/sites\/6\/2014\/10\/Francois-Olivier-Seys-e1414400647201-150x135.jpg\" alt=\"Francois-Olivier Seys\" width=\"150\" height=\"135\" \/><\/a>Conf\u00e9rence anim\u00e9e par <strong>Fran\u00e7ois-Olivier Seys<\/strong>, Vice-Pr\u00e9sident charg\u00e9 des relations internationales \u00e0 l\u2019Universit\u00e9 de Lille \u2013 Sciences et Technologies.<\/div><\/div><\/div>\n","protected":false},"excerpt":{"rendered":"<p>Le 24 novembre \u00ab Discuter \u00bb Conf\u00e9rence d\u00e9bat \u201cUkraine entre r\u00e9volution et \u00e9volution\u201d dans le cadre de la Semaine Internationale organis\u00e9e par les \u00e9tablissements de l\u2019Universit\u00e9 de Lille. La conf\u00e9rence sera pr\u00e9c\u00e9d\u00e9e d\u2019une projection vid\u00e9o de courts-m\u00e9trages r\u00e9alis\u00e9s par le studio ukrainien Babylon 13. Lieu: Amphith\u00e9\u00e2tre de l\u2019Espace Culture, Universit\u00e9 de Lille \u2013 Sciences et &hellip;<\/p>\n","protected":false},"author":1,"featured_media":229,"parent":0,"menu_order":0,"comment_status":"closed","ping_status":"closed","template":"","meta":[],"yoast_head":"<!-- This site is optimized with the Yoast SEO plugin v19.0 - https:\/\/yoast.com\/wordpress\/plugins\/seo\/ -->\n<title>Conference - \u00ab Maidan \u2022 Ukraine \u2022 Europe \u00bb<\/title>\n<meta name=\"robots\" content=\"index, follow, max-snippet:-1, max-image-preview:large, max-video-preview:-1\" \/>\n<link rel=\"canonical\" href=\"https:\/\/uaportail.fr\/photodemaidan\/conference\/\" \/>\n<meta property=\"og:locale\" content=\"en_GB\" \/>\n<meta property=\"og:type\" content=\"article\" \/>\n<meta property=\"og:title\" content=\"Conference - \u00ab Maidan \u2022 Ukraine \u2022 Europe \u00bb\" \/>\n<meta property=\"og:description\" content=\"Le 24 novembre \u00ab Discuter \u00bb Conf\u00e9rence d\u00e9bat \u201cUkraine entre r\u00e9volution et \u00e9volution\u201d dans le cadre de la Semaine Internationale organis\u00e9e par les \u00e9tablissements de l\u2019Universit\u00e9 de Lille. La conf\u00e9rence sera pr\u00e9c\u00e9d\u00e9e d\u2019une projection vid\u00e9o de courts-m\u00e9trages r\u00e9alis\u00e9s par le studio ukrainien Babylon 13. Lieu: Amphith\u00e9\u00e2tre de l\u2019Espace Culture, Universit\u00e9 de Lille \u2013 Sciences et &hellip;\" \/>\n<meta property=\"og:url\" content=\"https:\/\/uaportail.fr\/photodemaidan\/conference\/\" \/>\n<meta property=\"og:site_name\" content=\"\u00ab Maidan \u2022 Ukraine \u2022 Europe \u00bb\" \/>\n<meta property=\"article:publisher\" content=\"https:\/\/www.facebook.com\/groups\/uaLille\/\" \/>\n<meta property=\"article:modified_time\" content=\"2015-04-08T04:26:27+00:00\" \/>\n<meta property=\"og:image\" content=\"https:\/\/uaportail.fr\/photodemaidan\/wp-content\/uploads\/sites\/3\/2014\/10\/conf_Ukraine_2.jpg\" \/>\n\t<meta property=\"og:image:width\" content=\"960\" \/>\n\t<meta property=\"og:image:height\" content=\"638\" \/>\n\t<meta property=\"og:image:type\" content=\"image\/jpeg\" \/>\n<meta name=\"twitter:label1\" content=\"Estimated reading time\" \/>\n\t<meta name=\"twitter:data1\" content=\"1 minute\" \/>\n<script type=\"application\/ld+json\" class=\"yoast-schema-graph\">{\"@context\":\"https:\/\/schema.org\",\"@graph\":[{\"@type\":\"WebSite\",\"@id\":\"https:\/\/uaportail.fr\/photodemaidan\/#website\",\"url\":\"https:\/\/uaportail.fr\/photodemaidan\/\",\"name\":\"\u00ab Maidan \u2022 Ukraine \u2022 Europe \u00bb\",\"description\":\"Exposition \u2022 Projection \u2022 Conf\u00e9rence\",\"potentialAction\":[{\"@type\":\"SearchAction\",\"target\":{\"@type\":\"EntryPoint\",\"urlTemplate\":\"https:\/\/uaportail.fr\/photodemaidan\/?s={search_term_string}\"},\"query-input\":\"required name=search_term_string\"}],\"inLanguage\":\"en-GB\"},{\"@type\":\"ImageObject\",\"inLanguage\":\"en-GB\",\"@id\":\"https:\/\/uaportail.fr\/photodemaidan\/conference\/#primaryimage\",\"url\":\"https:\/\/uaportail.fr\/photodemaidan\/wp-content\/uploads\/sites\/3\/2014\/10\/conf_Ukraine_2.jpg\",\"contentUrl\":\"https:\/\/uaportail.fr\/photodemaidan\/wp-content\/uploads\/sites\/3\/2014\/10\/conf_Ukraine_2.jpg\",\"width\":960,\"height\":638,\"caption\":\"Ma\u00efdan : une place devenue symbole\"},{\"@type\":\"WebPage\",\"@id\":\"https:\/\/uaportail.fr\/photodemaidan\/conference\/#webpage\",\"url\":\"https:\/\/uaportail.fr\/photodemaidan\/conference\/\",\"name\":\"Conference - \u00ab Maidan \u2022 Ukraine \u2022 Europe \u00bb\",\"isPartOf\":{\"@id\":\"https:\/\/uaportail.fr\/photodemaidan\/#website\"},\"primaryImageOfPage\":{\"@id\":\"https:\/\/uaportail.fr\/photodemaidan\/conference\/#primaryimage\"},\"datePublished\":\"2014-10-22T22:25:39+00:00\",\"dateModified\":\"2015-04-08T04:26:27+00:00\",\"breadcrumb\":{\"@id\":\"https:\/\/uaportail.fr\/photodemaidan\/conference\/#breadcrumb\"},\"inLanguage\":\"en-GB\",\"potentialAction\":[{\"@type\":\"ReadAction\",\"target\":[\"https:\/\/uaportail.fr\/photodemaidan\/conference\/\"]}]},{\"@type\":\"BreadcrumbList\",\"@id\":\"https:\/\/uaportail.fr\/photodemaidan\/conference\/#breadcrumb\",\"itemListElement\":[{\"@type\":\"ListItem\",\"position\":1,\"name\":\"Home\",\"item\":\"https:\/\/uaportail.fr\/photodemaidan\/\"},{\"@type\":\"ListItem\",\"position\":2,\"name\":\"Conference\"}]}]}<\/script>\n<!-- \/ Yoast SEO plugin. -->","yoast_head_json":{"title":"Conference - \u00ab Maidan \u2022 Ukraine \u2022 Europe \u00bb","robots":{"index":"index","follow":"follow","max-snippet":"max-snippet:-1","max-image-preview":"max-image-preview:large","max-video-preview":"max-video-preview:-1"},"canonical":"https:\/\/uaportail.fr\/photodemaidan\/conference\/","og_locale":"en_GB","og_type":"article","og_title":"Conference - \u00ab Maidan \u2022 Ukraine \u2022 Europe \u00bb","og_description":"Le 24 novembre \u00ab Discuter \u00bb Conf\u00e9rence d\u00e9bat \u201cUkraine entre r\u00e9volution et \u00e9volution\u201d dans le cadre de la Semaine Internationale organis\u00e9e par les \u00e9tablissements de l\u2019Universit\u00e9 de Lille. La conf\u00e9rence sera pr\u00e9c\u00e9d\u00e9e d\u2019une projection vid\u00e9o de courts-m\u00e9trages r\u00e9alis\u00e9s par le studio ukrainien Babylon 13. Lieu: Amphith\u00e9\u00e2tre de l\u2019Espace Culture, Universit\u00e9 de Lille \u2013 Sciences et &hellip;","og_url":"https:\/\/uaportail.fr\/photodemaidan\/conference\/","og_site_name":"\u00ab Maidan \u2022 Ukraine \u2022 Europe \u00bb","article_publisher":"https:\/\/www.facebook.com\/groups\/uaLille\/","article_modified_time":"2015-04-08T04:26:27+00:00","og_image":[{"width":960,"height":638,"url":"https:\/\/uaportail.fr\/photodemaidan\/wp-content\/uploads\/sites\/3\/2014\/10\/conf_Ukraine_2.jpg","type":"image\/jpeg"}],"twitter_misc":{"Estimated reading time":"1 minute"},"schema":{"@context":"https:\/\/schema.org","@graph":[{"@type":"WebSite","@id":"https:\/\/uaportail.fr\/photodemaidan\/#website","url":"https:\/\/uaportail.fr\/photodemaidan\/","name":"\u00ab Maidan \u2022 Ukraine \u2022 Europe \u00bb","description":"Exposition \u2022 Projection \u2022 Conf\u00e9rence","potentialAction":[{"@type":"SearchAction","target":{"@type":"EntryPoint","urlTemplate":"https:\/\/uaportail.fr\/photodemaidan\/?s={search_term_string}"},"query-input":"required name=search_term_string"}],"inLanguage":"en-GB"},{"@type":"ImageObject","inLanguage":"en-GB","@id":"https:\/\/uaportail.fr\/photodemaidan\/conference\/#primaryimage","url":"https:\/\/uaportail.fr\/photodemaidan\/wp-content\/uploads\/sites\/3\/2014\/10\/conf_Ukraine_2.jpg","contentUrl":"https:\/\/uaportail.fr\/photodemaidan\/wp-content\/uploads\/sites\/3\/2014\/10\/conf_Ukraine_2.jpg","width":960,"height":638,"caption":"Ma\u00efdan : une place devenue symbole"},{"@type":"WebPage","@id":"https:\/\/uaportail.fr\/photodemaidan\/conference\/#webpage","url":"https:\/\/uaportail.fr\/photodemaidan\/conference\/","name":"Conference - \u00ab Maidan \u2022 Ukraine \u2022 Europe \u00bb","isPartOf":{"@id":"https:\/\/uaportail.fr\/photodemaidan\/#website"},"primaryImageOfPage":{"@id":"https:\/\/uaportail.fr\/photodemaidan\/conference\/#primaryimage"},"datePublished":"2014-10-22T22:25:39+00:00","dateModified":"2015-04-08T04:26:27+00:00","breadcrumb":{"@id":"https:\/\/uaportail.fr\/photodemaidan\/conference\/#breadcrumb"},"inLanguage":"en-GB","potentialAction":[{"@type":"ReadAction","target":["https:\/\/uaportail.fr\/photodemaidan\/conference\/"]}]},{"@type":"BreadcrumbList","@id":"https:\/\/uaportail.fr\/photodemaidan\/conference\/#breadcrumb","itemListElement":[{"@type":"ListItem","position":1,"name":"Home","item":"https:\/\/uaportail.fr\/photodemaidan\/"},{"@type":"ListItem","position":2,"name":"Conference"}]}]}},"_links":{"self":[{"href":"https:\/\/uaportail.fr\/photodemaidan\/wp-json\/wp\/v2\/pages\/246"}],"collection":[{"href":"https:\/\/uaportail.fr\/photodemaidan\/wp-json\/wp\/v2\/pages"}],"about":[{"href":"https:\/\/uaportail.fr\/photodemaidan\/wp-json\/wp\/v2\/types\/page"}],"author":[{"embeddable":true,"href":"https:\/\/uaportail.fr\/photodemaidan\/wp-json\/wp\/v2\/users\/1"}],"replies":[{"embeddable":true,"href":"https:\/\/uaportail.fr\/photodemaidan\/wp-json\/wp\/v2\/comments?post=246"}],"version-history":[{"count":3,"href":"https:\/\/uaportail.fr\/photodemaidan\/wp-json\/wp\/v2\/pages\/246\/revisions"}],"predecessor-version":[{"id":424,"href":"https:\/\/uaportail.fr\/photodemaidan\/wp-json\/wp\/v2\/pages\/246\/revisions\/424"}],"wp:featuredmedia":[{"embeddable":true,"href":"https:\/\/uaportail.fr\/photodemaidan\/wp-json\/wp\/v2\/media\/229"}],"wp:attachment":[{"href":"https:\/\/uaportail.fr\/photodemaidan\/wp-json\/wp\/v2\/media?parent=246"}],"curies":[{"name":"wp","href":"https:\/\/api.w.org\/{rel}","templated":true}]}}