{"id":172,"date":"2014-10-07T11:01:40","date_gmt":"2014-10-07T10:01:40","guid":{"rendered":"http:\/\/uaportail.fr\/photodemaidan\/?page_id=172"},"modified":"2025-01-12T20:11:34","modified_gmt":"2025-01-12T20:11:34","slug":"test","status":"publish","type":"page","link":"https:\/\/uaportail.fr\/photodemaidan\/","title":{"rendered":"Photo"},"content":{"rendered":"<p><img loading=\"lazy\" class=\"alignleft size-full wp-image-409\" src=\"https:\/\/uaportail.fr\/photodemaidan\/wp-content\/uploads\/sites\/3\/2015\/04\/face_maidan.jpg\" alt=\"\" width=\"2688\" height=\"625\" srcset=\"https:\/\/uaportail.fr\/photodemaidan\/wp-content\/uploads\/sites\/3\/2015\/04\/face_maidan.jpg 2688w, https:\/\/uaportail.fr\/photodemaidan\/wp-content\/uploads\/sites\/3\/2015\/04\/face_maidan-300x69.jpg 300w, https:\/\/uaportail.fr\/photodemaidan\/wp-content\/uploads\/sites\/3\/2015\/04\/face_maidan-1024x238.jpg 1024w\" sizes=\"(max-width: 2688px) 100vw, 2688px\" \/><\/p>\n<p>&nbsp;<\/p>\n<div align=\"center\">\n<p style=\"max-width: 970px;\">Du 4 Mai jusqu&#8217;au 15 Mai 2015, un vent de l\u2019Est et de libert\u00e9 soufflera sur le <a title=\"Cin\u00e9ma l'Univers\" href=\"http:\/\/lunivers.org\/evenement\/9274\/\" target=\"_blank\" rel=\"noopener\">Cin\u00e9ma l&#8217;Univers<\/a> de Lille. En effet, cette exposition \u00ab <strong>Maidan \u2022 Ukraine \u2022 Europe<\/strong> \u00bb, un projet in\u00e9dit qui propose au public de d\u00e9couvrir le point de vue de t\u00e9moins directs de la r\u00e9volution Ukrainienne, pr\u00e9c\u00e8de et accompagne la projection du film \u00ab <a title=\"Plus fort que les armes\" href=\"https:\/\/www.facebook.com\/events\/1583931738511534\/\" target=\"_blank\" rel=\"noopener\"><strong>Plus fort que les armes<\/strong><\/a> \u00bb du groupe #Babylon13, qui aura lieux le 14 Mai \u00e0 20h.<\/p>\n<\/div>\n\n\n<div class=\"su-posts su-posts-default-loop \">\n\n\t\n\t\t\t\t\t\n\t\t\t\n\t\t\t<div id=\"su-post-186\" class=\"su-post \">\n\n\t\t\t\t\t\t\t\t\t<a class=\"su-post-thumbnail\" href=\"https:\/\/uaportail.fr\/photodemaidan\/2014\/10\/le-debut\/\"><img width=\"960\" height=\"638\" src=\"https:\/\/uaportail.fr\/photodemaidan\/wp-content\/uploads\/sites\/3\/2014\/10\/10431564_574850665977262_487805036419727014_n.jpg\" class=\"attachment-post-thumbnail size-post-thumbnail wp-post-image\" alt=\"\" loading=\"lazy\" srcset=\"https:\/\/uaportail.fr\/photodemaidan\/wp-content\/uploads\/sites\/3\/2014\/10\/10431564_574850665977262_487805036419727014_n.jpg 960w, https:\/\/uaportail.fr\/photodemaidan\/wp-content\/uploads\/sites\/3\/2014\/10\/10431564_574850665977262_487805036419727014_n-300x199.jpg 300w\" sizes=\"(max-width: 960px) 100vw, 960px\" \/><\/a>\n\t\t\t\t\n\t\t\t\t<h2 class=\"su-post-title\"><a href=\"https:\/\/uaportail.fr\/photodemaidan\/2014\/10\/le-debut\/\">Le d\u00e9but<\/a><\/h2>\n\n\t\t\t\t<div class=\"su-post-meta\">\n\t\t\t\t\tPosted: 7th October 2014\t\t\t\t<\/div>\n\n\t\t\t\t<div class=\"su-post-excerpt\">\n\t\t\t\t\t<p>21 novembre 2013, Place de l\u2019Independence, Kiev &#8211; d\u00e9but de l\u2019Euromaidan. Plusieurs manifestants pacifiques, particuli\u00e8rementdes \u00e9tudiants, sont sortis dans les rues de la ville contre\u00a0la d\u00e9cision de l\u2019ex-pr\u00e9sident ukrainien Viktor Yanoukovitch d\u2019arr\u00eater la pr\u00e9paration\u00a0de\u00a0l\u2019accord d\u2019association\u00a0entre l\u2019Ukraine et l\u2019Union Europ\u00e9en. Cet accord devait \u00eatre sign\u00e9 pendant le sommet de l\u2019UE qui a eu lieu \u00e0 Vilnius &hellip;<\/p>\n\t\t\t\t<\/div>\n\n\t\t\t\t\n\t\t\t<\/div>\n\n\t\t\t\t\t\n\t\t\t\n\t\t\t<div id=\"su-post-184\" class=\"su-post \">\n\n\t\t\t\t\t\t\t\t\t<a class=\"su-post-thumbnail\" href=\"https:\/\/uaportail.fr\/photodemaidan\/2014\/10\/les-volontaires\/\"><img width=\"638\" height=\"960\" src=\"https:\/\/uaportail.fr\/photodemaidan\/wp-content\/uploads\/sites\/3\/2014\/10\/10402442_574849129310749_3390222883287423768_n.jpg\" class=\"attachment-post-thumbnail size-post-thumbnail wp-post-image\" alt=\"Les volontaires\" loading=\"lazy\" srcset=\"https:\/\/uaportail.fr\/photodemaidan\/wp-content\/uploads\/sites\/3\/2014\/10\/10402442_574849129310749_3390222883287423768_n.jpg 638w, https:\/\/uaportail.fr\/photodemaidan\/wp-content\/uploads\/sites\/3\/2014\/10\/10402442_574849129310749_3390222883287423768_n-199x300.jpg 199w\" sizes=\"(max-width: 638px) 100vw, 638px\" \/><\/a>\n\t\t\t\t\n\t\t\t\t<h2 class=\"su-post-title\"><a href=\"https:\/\/uaportail.fr\/photodemaidan\/2014\/10\/les-volontaires\/\">Les volontaires<\/a><\/h2>\n\n\t\t\t\t<div class=\"su-post-meta\">\n\t\t\t\t\tPosted: 7th October 2014\t\t\t\t<\/div>\n\n\t\t\t\t<div class=\"su-post-excerpt\">\n\t\t\t\t\t<p>Tout le concept de l\u2019Euroma\u00efdan s\u2019est fond\u00e9 sur l\u2019aide volontaire des simples citoyens. Un nombre difficilement \u00e9valuable de b\u00e9n\u00e9voles travaillait jour et nuit dans divers endroits du Ma\u00efdan, pr\u00e9parait des repas, proposait aux activistes boissons chaudes et sandwiches, soignait les malades durant les grands froids ainsi que les bless\u00e9s et traumatis\u00e9s par les forces sp\u00e9ciales &hellip;<\/p>\n\t\t\t\t<\/div>\n\n\t\t\t\t\n\t\t\t<\/div>\n\n\t\t\t\t\t\n\t\t\t\n\t\t\t<div id=\"su-post-17\" class=\"su-post \">\n\n\t\t\t\t\t\t\t\t\t<a class=\"su-post-thumbnail\" href=\"https:\/\/uaportail.fr\/photodemaidan\/2014\/10\/les-affrontements\/\"><img width=\"960\" height=\"720\" src=\"https:\/\/uaportail.fr\/photodemaidan\/wp-content\/uploads\/sites\/3\/2014\/10\/10639351_574850359310626_133608333180768457_n.jpg\" class=\"attachment-post-thumbnail size-post-thumbnail wp-post-image\" alt=\"\" loading=\"lazy\" srcset=\"https:\/\/uaportail.fr\/photodemaidan\/wp-content\/uploads\/sites\/3\/2014\/10\/10639351_574850359310626_133608333180768457_n.jpg 960w, https:\/\/uaportail.fr\/photodemaidan\/wp-content\/uploads\/sites\/3\/2014\/10\/10639351_574850359310626_133608333180768457_n-300x225.jpg 300w\" sizes=\"(max-width: 960px) 100vw, 960px\" \/><\/a>\n\t\t\t\t\n\t\t\t\t<h2 class=\"su-post-title\"><a href=\"https:\/\/uaportail.fr\/photodemaidan\/2014\/10\/les-affrontements\/\">Les affrontements<\/a><\/h2>\n\n\t\t\t\t<div class=\"su-post-meta\">\n\t\t\t\t\tPosted: 4th October 2014\t\t\t\t<\/div>\n\n\t\t\t\t<div class=\"su-post-excerpt\">\n\t\t\t\t\t<p>Les heurts des activistes de l\u2019Euroma\u00efdan avec les unit\u00e9s arm\u00e9es de l\u2019Etat se produisaient en permanence durant ces mois. Au tout d\u00e9but, les gens n\u2019\u00e9taient pas arm\u00e9s puisqu\u2019ils sortaient pour une action pacifique ; mais ensuite, apr\u00e8s qu\u2019on eut tent\u00e9 \u00e0 plusieurs reprises le \u00ab nettoyage \u00bb du Ma\u00efdan, les gens ont commenc\u00e9 \u00e0 s\u2019armer &hellip;<\/p>\n\t\t\t\t<\/div>\n\n\t\t\t\t\n\t\t\t<\/div>\n\n\t\t\t\t\t\n\t\t\t\n\t\t\t<div id=\"su-post-15\" class=\"su-post \">\n\n\t\t\t\t\t\t\t\t\t<a class=\"su-post-thumbnail\" href=\"https:\/\/uaportail.fr\/photodemaidan\/2014\/10\/le-froid\/\"><img width=\"960\" height=\"640\" src=\"https:\/\/uaportail.fr\/photodemaidan\/wp-content\/uploads\/sites\/3\/2014\/10\/1902984_574849192644076_2760702552944502151_n.jpg\" class=\"attachment-post-thumbnail size-post-thumbnail wp-post-image\" alt=\"Le froid au Maidan\" loading=\"lazy\" srcset=\"https:\/\/uaportail.fr\/photodemaidan\/wp-content\/uploads\/sites\/3\/2014\/10\/1902984_574849192644076_2760702552944502151_n.jpg 960w, https:\/\/uaportail.fr\/photodemaidan\/wp-content\/uploads\/sites\/3\/2014\/10\/1902984_574849192644076_2760702552944502151_n-300x200.jpg 300w\" sizes=\"(max-width: 960px) 100vw, 960px\" \/><\/a>\n\t\t\t\t\n\t\t\t\t<h2 class=\"su-post-title\"><a href=\"https:\/\/uaportail.fr\/photodemaidan\/2014\/10\/le-froid\/\">Le froid<\/a><\/h2>\n\n\t\t\t\t<div class=\"su-post-meta\">\n\t\t\t\t\tPosted: 4th October 2014\t\t\t\t<\/div>\n\n\t\t\t\t<div class=\"su-post-excerpt\">\n\t\t\t\t\t<p>L\u2019hiver fut incroyablement rigoureux, tel qu\u2019habituellement en Ukraine. D\u00e9cembre ne fut pas encore tellement froid mais en janvier et f\u00e9vrier la temp\u00e9rature tomba \u00e0 \u2013 23 degr\u00e9s. Les gens v\u00e9curent plusieurs mois, sur le Ma\u00efdan, dans cette temp\u00e9rature ext\u00e9rieure glaciale car ils comprenaient parfaitement que s\u2019ils partaient et se rendaient, ils perdaient et ils perdaient &hellip;<\/p>\n\t\t\t\t<\/div>\n\n\t\t\t\t\n\t\t\t<\/div>\n\n\t\t\t\t\t\n\t\t\t\n\t\t\t<div id=\"su-post-13\" class=\"su-post \">\n\n\t\t\t\t\t\t\t\t\t<a class=\"su-post-thumbnail\" href=\"https:\/\/uaportail.fr\/photodemaidan\/2014\/10\/les-victimes\/\"><img width=\"900\" height=\"600\" src=\"https:\/\/uaportail.fr\/photodemaidan\/wp-content\/uploads\/sites\/3\/2014\/10\/10632779_574848875977441_2919349612546696405_n.jpg\" class=\"attachment-post-thumbnail size-post-thumbnail wp-post-image\" alt=\"Les victimes au Maidan\" loading=\"lazy\" srcset=\"https:\/\/uaportail.fr\/photodemaidan\/wp-content\/uploads\/sites\/3\/2014\/10\/10632779_574848875977441_2919349612546696405_n.jpg 900w, https:\/\/uaportail.fr\/photodemaidan\/wp-content\/uploads\/sites\/3\/2014\/10\/10632779_574848875977441_2919349612546696405_n-300x200.jpg 300w\" sizes=\"(max-width: 900px) 100vw, 900px\" \/><\/a>\n\t\t\t\t\n\t\t\t\t<h2 class=\"su-post-title\"><a href=\"https:\/\/uaportail.fr\/photodemaidan\/2014\/10\/les-victimes\/\">Les victimes<\/a><\/h2>\n\n\t\t\t\t<div class=\"su-post-meta\">\n\t\t\t\t\tPosted: 4th October 2014\t\t\t\t<\/div>\n\n\t\t\t\t<div class=\"su-post-excerpt\">\n\t\t\t\t\t<p>Les mois suivants sont les mois de protestation du peuple ukrainien contre le pouvoir en place et les actions des unit\u00e9s sp\u00e9ciales. Les \u00e9v\u00e9nements du 20 f\u00e9vrier ont r\u00e9volt\u00e9 les Ukrainiens et les gens ont commenc\u00e9 \u00e0 sortir massivement dans les rues de leurs villes. Chaque jour, le soir apr\u00e8s le travail, les gens se &hellip;<\/p>\n\t\t\t\t<\/div>\n\n\t\t\t\t\n\t\t\t<\/div>\n\n\t\t\n\t\n<\/div>\n\n","protected":false},"excerpt":{"rendered":"<p>&nbsp; Du 4 Mai jusqu&#8217;au 15 Mai 2015, un vent de l\u2019Est et de libert\u00e9 soufflera sur le Cin\u00e9ma l&#8217;Univers de Lille. En effet, cette exposition \u00ab Maidan \u2022 Ukraine \u2022 Europe \u00bb, un projet in\u00e9dit qui propose au public de d\u00e9couvrir le point de vue de t\u00e9moins directs de la r\u00e9volution Ukrainienne, pr\u00e9c\u00e8de et &hellip;<\/p>\n","protected":false},"author":3,"featured_media":365,"parent":0,"menu_order":0,"comment_status":"closed","ping_status":"closed","template":"","meta":[],"yoast_head":"<!-- This site is optimized with the Yoast SEO plugin v19.0 - https:\/\/yoast.com\/wordpress\/plugins\/seo\/ -->\n<title>Exposition photo \u00ab Maidan \u2022 Ukraine \u2022 Europe \u00bb<\/title>\n<meta name=\"description\" content=\"Projet in\u00e9dit qui propose au public de d\u00e9couvrir le point de vue de t\u00e9moins directs de la r\u00e9volution Ukrainienne : expositions photos, vid\u00e9os et conf\u00e9rence\" \/>\n<meta name=\"robots\" content=\"index, follow, max-snippet:-1, max-image-preview:large, max-video-preview:-1\" \/>\n<link rel=\"canonical\" href=\"https:\/\/uaportail.fr\/photodemaidan\/\" \/>\n<meta property=\"og:locale\" content=\"en_GB\" \/>\n<meta property=\"og:type\" content=\"article\" \/>\n<meta property=\"og:title\" content=\"Photo - \u00ab Maidan \u2022 Ukraine \u2022 Europe \u00bb\" \/>\n<meta property=\"og:description\" content=\"Projet in\u00e9dit qui propose au public de d\u00e9couvrir le point de vue de t\u00e9moins directs de la r\u00e9volution Ukrainienne : expositions photos, vid\u00e9os et conf\u00e9rence\" \/>\n<meta property=\"og:url\" content=\"https:\/\/uaportail.fr\/photodemaidan\/\" \/>\n<meta property=\"og:site_name\" content=\"\u00ab Maidan \u2022 Ukraine \u2022 Europe \u00bb\" \/>\n<meta property=\"article:publisher\" content=\"https:\/\/www.facebook.com\/groups\/uaLille\/\" \/>\n<meta property=\"article:modified_time\" content=\"2025-01-12T20:11:34+00:00\" \/>\n<meta property=\"og:image\" content=\"http:\/\/uaportail.fr\/photodemaidan\/wp-content\/uploads\/sites\/3\/2014\/10\/expo_Maidan_image1.jpg\" \/>\n<meta name=\"twitter:label1\" content=\"Estimated reading time\" \/>\n\t<meta name=\"twitter:data1\" content=\"1 minute\" \/>\n<script type=\"application\/ld+json\" class=\"yoast-schema-graph\">{\"@context\":\"https:\/\/schema.org\",\"@graph\":[{\"@type\":\"WebSite\",\"@id\":\"https:\/\/uaportail.fr\/photodemaidan\/#website\",\"url\":\"https:\/\/uaportail.fr\/photodemaidan\/\",\"name\":\"\u00ab Maidan \u2022 Ukraine \u2022 Europe \u00bb\",\"description\":\"Exposition \u2022 Projection \u2022 Conf\u00e9rence\",\"potentialAction\":[{\"@type\":\"SearchAction\",\"target\":{\"@type\":\"EntryPoint\",\"urlTemplate\":\"https:\/\/uaportail.fr\/photodemaidan\/?s={search_term_string}\"},\"query-input\":\"required name=search_term_string\"}],\"inLanguage\":\"en-GB\"},{\"@type\":\"ImageObject\",\"inLanguage\":\"en-GB\",\"@id\":\"https:\/\/uaportail.fr\/photodemaidan\/#primaryimage\",\"url\":\"\",\"contentUrl\":\"\"},{\"@type\":\"WebPage\",\"@id\":\"https:\/\/uaportail.fr\/photodemaidan\/#webpage\",\"url\":\"https:\/\/uaportail.fr\/photodemaidan\/\",\"name\":\"Exposition photo \u00ab Maidan \u2022 Ukraine \u2022 Europe \u00bb\",\"isPartOf\":{\"@id\":\"https:\/\/uaportail.fr\/photodemaidan\/#website\"},\"primaryImageOfPage\":{\"@id\":\"https:\/\/uaportail.fr\/photodemaidan\/#primaryimage\"},\"datePublished\":\"2014-10-07T10:01:40+00:00\",\"dateModified\":\"2025-01-12T20:11:34+00:00\",\"description\":\"Projet in\u00e9dit qui propose au public de d\u00e9couvrir le point de vue de t\u00e9moins directs de la r\u00e9volution Ukrainienne : expositions photos, vid\u00e9os et conf\u00e9rence\",\"breadcrumb\":{\"@id\":\"https:\/\/uaportail.fr\/photodemaidan\/#breadcrumb\"},\"inLanguage\":\"en-GB\",\"potentialAction\":[{\"@type\":\"ReadAction\",\"target\":[\"https:\/\/uaportail.fr\/photodemaidan\/\"]}]},{\"@type\":\"BreadcrumbList\",\"@id\":\"https:\/\/uaportail.fr\/photodemaidan\/#breadcrumb\",\"itemListElement\":[{\"@type\":\"ListItem\",\"position\":1,\"name\":\"Home\",\"item\":\"https:\/\/uaportail.fr\/photodemaidan\/\"},{\"@type\":\"ListItem\",\"position\":2,\"name\":\"Photo\"}]}]}<\/script>\n<!-- \/ Yoast SEO plugin. -->","yoast_head_json":{"title":"Exposition photo \u00ab Maidan \u2022 Ukraine \u2022 Europe \u00bb","description":"Projet in\u00e9dit qui propose au public de d\u00e9couvrir le point de vue de t\u00e9moins directs de la r\u00e9volution Ukrainienne : expositions photos, vid\u00e9os et conf\u00e9rence","robots":{"index":"index","follow":"follow","max-snippet":"max-snippet:-1","max-image-preview":"max-image-preview:large","max-video-preview":"max-video-preview:-1"},"canonical":"https:\/\/uaportail.fr\/photodemaidan\/","og_locale":"en_GB","og_type":"article","og_title":"Photo - \u00ab Maidan \u2022 Ukraine \u2022 Europe \u00bb","og_description":"Projet in\u00e9dit qui propose au public de d\u00e9couvrir le point de vue de t\u00e9moins directs de la r\u00e9volution Ukrainienne : expositions photos, vid\u00e9os et conf\u00e9rence","og_url":"https:\/\/uaportail.fr\/photodemaidan\/","og_site_name":"\u00ab Maidan \u2022 Ukraine \u2022 Europe \u00bb","article_publisher":"https:\/\/www.facebook.com\/groups\/uaLille\/","article_modified_time":"2025-01-12T20:11:34+00:00","og_image":[{"url":"http:\/\/uaportail.fr\/photodemaidan\/wp-content\/uploads\/sites\/3\/2014\/10\/expo_Maidan_image1.jpg"}],"twitter_misc":{"Estimated reading time":"1 minute"},"schema":{"@context":"https:\/\/schema.org","@graph":[{"@type":"WebSite","@id":"https:\/\/uaportail.fr\/photodemaidan\/#website","url":"https:\/\/uaportail.fr\/photodemaidan\/","name":"\u00ab Maidan \u2022 Ukraine \u2022 Europe \u00bb","description":"Exposition \u2022 Projection \u2022 Conf\u00e9rence","potentialAction":[{"@type":"SearchAction","target":{"@type":"EntryPoint","urlTemplate":"https:\/\/uaportail.fr\/photodemaidan\/?s={search_term_string}"},"query-input":"required name=search_term_string"}],"inLanguage":"en-GB"},{"@type":"ImageObject","inLanguage":"en-GB","@id":"https:\/\/uaportail.fr\/photodemaidan\/#primaryimage","url":"","contentUrl":""},{"@type":"WebPage","@id":"https:\/\/uaportail.fr\/photodemaidan\/#webpage","url":"https:\/\/uaportail.fr\/photodemaidan\/","name":"Exposition photo \u00ab Maidan \u2022 Ukraine \u2022 Europe \u00bb","isPartOf":{"@id":"https:\/\/uaportail.fr\/photodemaidan\/#website"},"primaryImageOfPage":{"@id":"https:\/\/uaportail.fr\/photodemaidan\/#primaryimage"},"datePublished":"2014-10-07T10:01:40+00:00","dateModified":"2025-01-12T20:11:34+00:00","description":"Projet in\u00e9dit qui propose au public de d\u00e9couvrir le point de vue de t\u00e9moins directs de la r\u00e9volution Ukrainienne : expositions photos, vid\u00e9os et conf\u00e9rence","breadcrumb":{"@id":"https:\/\/uaportail.fr\/photodemaidan\/#breadcrumb"},"inLanguage":"en-GB","potentialAction":[{"@type":"ReadAction","target":["https:\/\/uaportail.fr\/photodemaidan\/"]}]},{"@type":"BreadcrumbList","@id":"https:\/\/uaportail.fr\/photodemaidan\/#breadcrumb","itemListElement":[{"@type":"ListItem","position":1,"name":"Home","item":"https:\/\/uaportail.fr\/photodemaidan\/"},{"@type":"ListItem","position":2,"name":"Photo"}]}]}},"_links":{"self":[{"href":"https:\/\/uaportail.fr\/photodemaidan\/wp-json\/wp\/v2\/pages\/172"}],"collection":[{"href":"https:\/\/uaportail.fr\/photodemaidan\/wp-json\/wp\/v2\/pages"}],"about":[{"href":"https:\/\/uaportail.fr\/photodemaidan\/wp-json\/wp\/v2\/types\/page"}],"author":[{"embeddable":true,"href":"https:\/\/uaportail.fr\/photodemaidan\/wp-json\/wp\/v2\/users\/3"}],"replies":[{"embeddable":true,"href":"https:\/\/uaportail.fr\/photodemaidan\/wp-json\/wp\/v2\/comments?post=172"}],"version-history":[{"count":13,"href":"https:\/\/uaportail.fr\/photodemaidan\/wp-json\/wp\/v2\/pages\/172\/revisions"}],"predecessor-version":[{"id":460,"href":"https:\/\/uaportail.fr\/photodemaidan\/wp-json\/wp\/v2\/pages\/172\/revisions\/460"}],"wp:featuredmedia":[{"embeddable":true,"href":"https:\/\/uaportail.fr\/photodemaidan\/wp-json\/wp\/v2\/media\/365"}],"wp:attachment":[{"href":"https:\/\/uaportail.fr\/photodemaidan\/wp-json\/wp\/v2\/media?parent=172"}],"curies":[{"name":"wp","href":"https:\/\/api.w.org\/{rel}","templated":true}]}}