{"version":"1.0","provider_name":"\u00ab Maidan \u2022 Ukraine \u2022 Europe \u00bb","provider_url":"https:\/\/uaportail.fr\/photodemaidan","author_name":"Lusy DOLIA","author_url":"https:\/\/uaportail.fr\/photodemaidan\/author\/lusy-dolia\/","title":"Les affrontements - \u00ab Maidan \u2022 Ukraine \u2022 Europe \u00bb","type":"rich","width":600,"height":338,"html":"<blockquote class=\"wp-embedded-content\" data-secret=\"6s2sX8aOIm\"><a href=\"https:\/\/uaportail.fr\/photodemaidan\/2014\/10\/les-affrontements\/\">Les affrontements<\/a><\/blockquote><iframe sandbox=\"allow-scripts\" security=\"restricted\" src=\"https:\/\/uaportail.fr\/photodemaidan\/2014\/10\/les-affrontements\/embed\/#?secret=6s2sX8aOIm\" width=\"600\" height=\"338\" title=\"&#8220;Les affrontements&#8221; &#8212; \u00ab Maidan \u2022 Ukraine \u2022 Europe \u00bb\" data-secret=\"6s2sX8aOIm\" frameborder=\"0\" marginwidth=\"0\" marginheight=\"0\" scrolling=\"no\" class=\"wp-embedded-content\"><\/iframe><script type=\"text\/javascript\">\n\/*! This file is auto-generated *\/\n!function(d,l){\"use strict\";var e=!1,o=!1;if(l.querySelector)if(d.addEventListener)e=!0;if(d.wp=d.wp||{},!d.wp.receiveEmbedMessage)if(d.wp.receiveEmbedMessage=function(e){var t=e.data;if(t)if(t.secret||t.message||t.value)if(!\/[^a-zA-Z0-9]\/.test(t.secret)){for(var r,a,i,s=l.querySelectorAll('iframe[data-secret=\"'+t.secret+'\"]'),n=l.querySelectorAll('blockquote[data-secret=\"'+t.secret+'\"]'),o=new RegExp(\"^https?:$\",\"i\"),c=0;c<n.length;c++)n[c].style.display=\"none\";for(c=0;c<s.length;c++)if(r=s[c],e.source===r.contentWindow){if(r.removeAttribute(\"style\"),\"height\"===t.message){if(1e3<(i=parseInt(t.value,10)))i=1e3;else if(~~i<200)i=200;r.height=i}if(\"link\"===t.message)if(a=l.createElement(\"a\"),i=l.createElement(\"a\"),a.href=r.getAttribute(\"src\"),i.href=t.value,o.test(i.protocol))if(i.host===a.host)if(l.activeElement===r)d.top.location.href=t.value}}},e)d.addEventListener(\"message\",d.wp.receiveEmbedMessage,!1),l.addEventListener(\"DOMContentLoaded\",t,!1),d.addEventListener(\"load\",t,!1);function t(){if(!o){o=!0;for(var e,t,r,a=-1!==navigator.appVersion.indexOf(\"MSIE 10\"),i=!!navigator.userAgent.match(\/Trident.*rv:11\\.\/),s=l.querySelectorAll(\"iframe.wp-embedded-content\"),n=0;n<s.length;n++){if(!(r=(t=s[n]).getAttribute(\"data-secret\")))r=Math.random().toString(36).substr(2,10),t.src+=\"#?secret=\"+r,t.setAttribute(\"data-secret\",r);if(a||i)(e=t.cloneNode(!0)).removeAttribute(\"security\"),t.parentNode.replaceChild(e,t);t.contentWindow.postMessage({message:\"ready\",secret:r},\"*\")}}}}(window,document);\n<\/script>\n","thumbnail_url":"https:\/\/uaportail.fr\/photodemaidan\/wp-content\/uploads\/sites\/3\/2014\/10\/10639351_574850359310626_133608333180768457_n.jpg","thumbnail_width":960,"thumbnail_height":720,"description":"Les heurts des activistes de l\u2019Euroma\u00efdan avec les unit\u00e9s arm\u00e9es de l\u2019Etat se produisaient en permanence durant ces mois. Au tout d\u00e9but, les gens n\u2019\u00e9taient pas arm\u00e9s puisqu\u2019ils sortaient pour une action pacifique ; mais ensuite, apr\u00e8s qu\u2019on eut tent\u00e9 \u00e0 plusieurs reprises le \u00ab nettoyage \u00bb du Ma\u00efdan, les gens ont commenc\u00e9 \u00e0 s\u2019armer &hellip;"}